{"id":4467,"date":"2022-11-28T21:52:25","date_gmt":"2022-11-28T20:52:25","guid":{"rendered":"https:\/\/www.renatour.de\/blog\/?page_id=4467"},"modified":"2023-10-04T20:14:31","modified_gmt":"2023-10-04T19:14:31","slug":"tipps-und-tricks","status":"publish","type":"page","link":"https:\/\/www.renatour.de\/blog\/tipps-und-tricks\/","title":{"rendered":"Tipps &#038; Tricks"},"content":{"rendered":"\t\t<div data-elementor-type=\"wp-page\" data-elementor-id=\"4467\" class=\"elementor elementor-4467\" data-elementor-settings=\"{&quot;ha_cmc_init_switcher&quot;:&quot;no&quot;}\" data-elementor-post-type=\"page\">\n\t\t\t\t\t\t<section class=\"elementor-section elementor-top-section elementor-element elementor-element-2bba5d8c elementor-section-content-middle elementor-section-boxed elementor-section-height-default elementor-section-height-default\" data-id=\"2bba5d8c\" data-element_type=\"section\" data-e-type=\"section\" data-settings=\"{&quot;background_background&quot;:&quot;classic&quot;,&quot;_ha_eqh_enable&quot;:false}\">\n\t\t\t\t\t\t<div class=\"elementor-container elementor-column-gap-no\">\n\t\t\t\t\t<div class=\"elementor-column elementor-col-50 elementor-top-column elementor-element elementor-element-3fc2d313\" data-id=\"3fc2d313\" data-element_type=\"column\" data-e-type=\"column\">\n\t\t\t<div class=\"elementor-widget-wrap elementor-element-populated\">\n\t\t\t\t\t\t<div class=\"elementor-element elementor-element-541edc82 elementor-widget elementor-widget-heading\" data-id=\"541edc82\" data-element_type=\"widget\" data-e-type=\"widget\" data-widget_type=\"heading.default\">\n\t\t\t\t<div class=\"elementor-widget-container\">\n\t\t\t\t\t<h1 class=\"elementor-heading-title elementor-size-default\">Tipps und Tricks<\/h1>\t\t\t\t<\/div>\n\t\t\t\t<\/div>\n\t\t\t\t<div class=\"elementor-element elementor-element-68ceaaa3 elementor-widget elementor-widget-text-editor\" data-id=\"68ceaaa3\" data-element_type=\"widget\" data-e-type=\"widget\" data-widget_type=\"text-editor.default\">\n\t\t\t\t<div class=\"elementor-widget-container\">\n\t\t\t\t\t\t\t\t\tWo finde ich nachhaltige Reisen? Was muss ich beachten und was nehme ich (nicht) mit? Diskutiere mit uns!\t\t\t\t\t\t\t\t<\/div>\n\t\t\t\t<\/div>\n\t\t\t\t\t<\/div>\n\t\t<\/div>\n\t\t\t\t<div class=\"elementor-column elementor-col-50 elementor-top-column elementor-element elementor-element-2ea96bc6 elementor-hidden-tablet\" data-id=\"2ea96bc6\" data-element_type=\"column\" data-e-type=\"column\">\n\t\t\t<div class=\"elementor-widget-wrap elementor-element-populated\">\n\t\t\t\t\t\t<div class=\"elementor-element elementor-element-67d112a8 ha-css-transform-yes elementor-widget elementor-widget-image\" data-id=\"67d112a8\" data-element_type=\"widget\" data-e-type=\"widget\" data-widget_type=\"image.default\">\n\t\t\t\t<div class=\"elementor-widget-container\">\n\t\t\t\t\t\t\t\t\t\t\t\t\t\t\t<img fetchpriority=\"high\" decoding=\"async\" width=\"800\" height=\"506\" src=\"https:\/\/www.renatour.de\/blog\/wp-content\/uploads\/2022\/04\/albanien-balkan-wandern-wanderweg-1024x648.jpg\" class=\"attachment-large size-large wp-image-4220\" alt=\"Albanien\" srcset=\"https:\/\/www.renatour.de\/blog\/wp-content\/uploads\/2022\/04\/albanien-balkan-wandern-wanderweg-1024x648.jpg 1024w, https:\/\/www.renatour.de\/blog\/wp-content\/uploads\/2022\/04\/albanien-balkan-wandern-wanderweg-300x190.jpg 300w, https:\/\/www.renatour.de\/blog\/wp-content\/uploads\/2022\/04\/albanien-balkan-wandern-wanderweg-768x486.jpg 768w, https:\/\/www.renatour.de\/blog\/wp-content\/uploads\/2022\/04\/albanien-balkan-wandern-wanderweg-1536x972.jpg 1536w, https:\/\/www.renatour.de\/blog\/wp-content\/uploads\/2022\/04\/albanien-balkan-wandern-wanderweg.jpg 2041w\" sizes=\"(max-width: 800px) 100vw, 800px\" \/>\t\t\t\t\t\t\t\t\t\t\t\t\t\t\t<\/div>\n\t\t\t\t<\/div>\n\t\t\t\t\t<\/div>\n\t\t<\/div>\n\t\t\t\t\t<\/div>\n\t\t<\/section>\n\t\t\t\t<section class=\"elementor-section elementor-top-section elementor-element elementor-element-7b2b6ef4 elementor-section-boxed elementor-section-height-default elementor-section-height-default\" data-id=\"7b2b6ef4\" data-element_type=\"section\" data-e-type=\"section\" data-settings=\"{&quot;_ha_eqh_enable&quot;:false}\">\n\t\t\t\t\t\t<div class=\"elementor-container elementor-column-gap-default\">\n\t\t\t\t\t<div class=\"elementor-column elementor-col-100 elementor-top-column elementor-element elementor-element-16306b70\" data-id=\"16306b70\" data-element_type=\"column\" data-e-type=\"column\">\n\t\t\t<div class=\"elementor-widget-wrap elementor-element-populated\">\n\t\t\t\t\t\t<div class=\"elementor-element elementor-element-7f177a7f ha-pg-grid-3 ha-pg-grid-tablet-2 ha-pg-grid-mobile-1 elementor-widget elementor-widget-ha-post-grid-new happy-addon ha-post-grid-new happy-addon-pro\" data-id=\"7f177a7f\" data-element_type=\"widget\" data-e-type=\"widget\" data-settings=\"{&quot;columns&quot;:&quot;3&quot;,&quot;columns_tablet&quot;:&quot;2&quot;,&quot;columns_mobile&quot;:&quot;1&quot;}\" data-widget_type=\"ha-post-grid-new.default\">\n\t\t\t\t<div class=\"elementor-widget-container\">\n\t\t\t\t\t\t\t\t\t\t\t<div class=\"ha-pg-wrapper ha-pg-default ha-pg-stylica\">\n\t\t\t\t\t<div class=\"ha-pg-grid-wrap\">\n\t\t\t\t\t\n\t\t\t\t\t\t\t\t<div class=\"ha-pg-item\">\n\t\t\t\t\t\t\t<div class=\"ha-pg-thumb-area\">\n\t\t\t\t\t<a href=\"https:\/\/www.renatour.de\/blog\/leitfaden-segeltoern-mittelmeer\/\" class=\"ha-pg-thumb\">\n\t\t\t\t\t\t<img decoding=\"async\" width=\"800\" height=\"450\" src=\"https:\/\/www.renatour.de\/blog\/wp-content\/uploads\/2025\/05\/segeln1-edited-1024x576.jpg\" class=\"attachment-large size-large wp-post-image\" alt=\"Segelt\u00f6rn im Mittelmeer Leitfaden\" srcset=\"https:\/\/www.renatour.de\/blog\/wp-content\/uploads\/2025\/05\/segeln1-edited-1024x576.jpg 1024w, https:\/\/www.renatour.de\/blog\/wp-content\/uploads\/2025\/05\/segeln1-edited-300x169.jpg 300w, https:\/\/www.renatour.de\/blog\/wp-content\/uploads\/2025\/05\/segeln1-edited-768x432.jpg 768w, https:\/\/www.renatour.de\/blog\/wp-content\/uploads\/2025\/05\/segeln1-edited-1536x863.jpg 1536w, https:\/\/www.renatour.de\/blog\/wp-content\/uploads\/2025\/05\/segeln1-edited-2048x1151.jpg 2048w\" sizes=\"(max-width: 800px) 100vw, 800px\" \/>\t\t\t\t\t\t<svg xmlns=\"http:\/\/www.w3.org\/2000\/svg\" viewBox=\"0 0 400 86.4\" preserveAspectRatio=\"none\"><path class=\"st0\" opacity=\"0.2\" d=\"M0,69.3c0,0,76.2-89.2,215-32.8s185,32.8,185,32.8v17H0V69.3z\"\/><path class=\"st0\" opacity=\"0.2\" d=\"M0,69.3v17h400v-17c0,0-7.7-93.8-145.8-59.1S89.7,119,0,69.3z\"\/><path class=\"st1\" d=\"M0,69.3c0,0,50.3-63.1,197.3-14.2S400,69.3,400,69.3v17H0V69.3z\"\/><\/svg>                    <\/a>\n                <\/div>\n\t\t\t\t\t\t<div class=\"ha-pg-content-area\">\n\t\t\t\t\n\t\t\t\t<h2 class=\"ha-pg-title\"><a href=\"https:\/\/www.renatour.de\/blog\/leitfaden-segeltoern-mittelmeer\/\">Leitfaden f\u00fcr den perfekten Segelt\u00f6rn im Mittelmeer<\/a><\/h2>\n\t\t\t\t\t\t\t<div class=\"ha-pg-excerpt\">\n\t\t\t\t<p>Der erste Segelt\u00f6rn am Mittelmeer bleibt unvergesslich! Du m\u00f6chtest raus in die Welt? Sagenhafte Inseln, Buchten und&hellip;<\/p>\t\t\t<\/div>\n\t\t\t\t\t<\/div>\n\t\t\t\t\t\t<div class=\"ha-pg-meta-wrap\">\n\t\t\t\t<ul>\n\t\t\t\t\t\t\t\t\t\t\t\t\t\t\t\t<li class=\"ha-pg-date\">\n\t\t\t\t\t\t\t\t\t<a class=\"ha-pg-date-text\" href=\"https:\/\/www.renatour.de\/blog\/2025\/05\/15\/\">\n\t\t\t\t\t\t15. Mai 2025\t\t<\/a>\n\t\t\t\t\t\t\t\t<\/li>\n\t\t\t\t\t\t\t\t\t\t\t\t\t\t<\/ul>\n\t\t\t<\/div>\n\t\t        <\/div>\n\t\n\t\t\t\t\t\n\t\t\t\t\t\t\t\t<div class=\"ha-pg-item\">\n\t\t\t\t\t\t\t<div class=\"ha-pg-thumb-area\">\n\t\t\t\t\t<a href=\"https:\/\/www.renatour.de\/blog\/schoenste-nachhaltige-reisen-deutschland\/\" class=\"ha-pg-thumb\">\n\t\t\t\t\t\t<img decoding=\"async\" width=\"800\" height=\"400\" src=\"https:\/\/www.renatour.de\/blog\/wp-content\/uploads\/2024\/07\/marienhof-1024x512.jpg\" class=\"attachment-large size-large wp-post-image\" alt=\"Die sch\u00f6nsten nachhaltigen Urlaube und Nahreisen in Deutschland\" srcset=\"https:\/\/www.renatour.de\/blog\/wp-content\/uploads\/2024\/07\/marienhof-1024x512.jpg 1024w, https:\/\/www.renatour.de\/blog\/wp-content\/uploads\/2024\/07\/marienhof-300x150.jpg 300w, https:\/\/www.renatour.de\/blog\/wp-content\/uploads\/2024\/07\/marienhof-768x384.jpg 768w, https:\/\/www.renatour.de\/blog\/wp-content\/uploads\/2024\/07\/marienhof.jpg 1278w\" sizes=\"(max-width: 800px) 100vw, 800px\" \/>\t\t\t\t\t\t<svg xmlns=\"http:\/\/www.w3.org\/2000\/svg\" viewBox=\"0 0 400 86.4\" preserveAspectRatio=\"none\"><path class=\"st0\" opacity=\"0.2\" d=\"M0,69.3c0,0,76.2-89.2,215-32.8s185,32.8,185,32.8v17H0V69.3z\"\/><path class=\"st0\" opacity=\"0.2\" d=\"M0,69.3v17h400v-17c0,0-7.7-93.8-145.8-59.1S89.7,119,0,69.3z\"\/><path class=\"st1\" d=\"M0,69.3c0,0,50.3-63.1,197.3-14.2S400,69.3,400,69.3v17H0V69.3z\"\/><\/svg>                    <\/a>\n                <\/div>\n\t\t\t\t\t\t<div class=\"ha-pg-content-area\">\n\t\t\t\t\n\t\t\t\t<h2 class=\"ha-pg-title\"><a href=\"https:\/\/www.renatour.de\/blog\/schoenste-nachhaltige-reisen-deutschland\/\">Die 4 sch\u00f6nsten nachhaltigen Reisen in Deutschland | Ohne Flugzeug<\/a><\/h2>\n\t\t\t\t\t\t\t<div class=\"ha-pg-excerpt\">\n\t\t\t\t<p>Du w\u00fcnscht dir einen Urlaub, den du nicht nur fernab vom Trubel genie\u00dfen kannst, sondern der auch&hellip;<\/p>\t\t\t<\/div>\n\t\t\t\t\t<\/div>\n\t\t\t\t\t\t<div class=\"ha-pg-meta-wrap\">\n\t\t\t\t<ul>\n\t\t\t\t\t\t\t\t\t\t\t\t\t\t\t\t<li class=\"ha-pg-date\">\n\t\t\t\t\t\t\t\t\t<a class=\"ha-pg-date-text\" href=\"https:\/\/www.renatour.de\/blog\/2024\/07\/31\/\">\n\t\t\t\t\t\t31. Juli 2024\t\t<\/a>\n\t\t\t\t\t\t\t\t<\/li>\n\t\t\t\t\t\t\t\t\t\t\t\t\t\t<\/ul>\n\t\t\t<\/div>\n\t\t        <\/div>\n\t\n\t\t\t\t\t\n\t\t\t\t\t\t\t\t<div class=\"ha-pg-item\">\n\t\t\t\t\t\t\t<div class=\"ha-pg-thumb-area\">\n\t\t\t\t\t<a href=\"https:\/\/www.renatour.de\/blog\/unser-gewinnspiel-gegen-schmerzende-fuesse-beim-wandern\/\" class=\"ha-pg-thumb\">\n\t\t\t\t\t\t<img loading=\"lazy\" decoding=\"async\" width=\"800\" height=\"489\" src=\"https:\/\/www.renatour.de\/blog\/wp-content\/uploads\/2022\/10\/pexels-krivec-ales-554609-scaled-1-1024x626.jpg\" class=\"attachment-large size-large wp-post-image\" alt=\"Wandern in den Alpen\" srcset=\"https:\/\/www.renatour.de\/blog\/wp-content\/uploads\/2022\/10\/pexels-krivec-ales-554609-scaled-1-1024x626.jpg 1024w, https:\/\/www.renatour.de\/blog\/wp-content\/uploads\/2022\/10\/pexels-krivec-ales-554609-scaled-1-300x183.jpg 300w, https:\/\/www.renatour.de\/blog\/wp-content\/uploads\/2022\/10\/pexels-krivec-ales-554609-scaled-1-768x470.jpg 768w, https:\/\/www.renatour.de\/blog\/wp-content\/uploads\/2022\/10\/pexels-krivec-ales-554609-scaled-1-1536x939.jpg 1536w, https:\/\/www.renatour.de\/blog\/wp-content\/uploads\/2022\/10\/pexels-krivec-ales-554609-scaled-1-2048x1252.jpg 2048w\" sizes=\"(max-width: 800px) 100vw, 800px\" \/>\t\t\t\t\t\t<svg xmlns=\"http:\/\/www.w3.org\/2000\/svg\" viewBox=\"0 0 400 86.4\" preserveAspectRatio=\"none\"><path class=\"st0\" opacity=\"0.2\" d=\"M0,69.3c0,0,76.2-89.2,215-32.8s185,32.8,185,32.8v17H0V69.3z\"\/><path class=\"st0\" opacity=\"0.2\" d=\"M0,69.3v17h400v-17c0,0-7.7-93.8-145.8-59.1S89.7,119,0,69.3z\"\/><path class=\"st1\" d=\"M0,69.3c0,0,50.3-63.1,197.3-14.2S400,69.3,400,69.3v17H0V69.3z\"\/><\/svg>                    <\/a>\n                <\/div>\n\t\t\t\t\t\t<div class=\"ha-pg-content-area\">\n\t\t\t\t\n\t\t\t\t<h2 class=\"ha-pg-title\"><a href=\"https:\/\/www.renatour.de\/blog\/unser-gewinnspiel-gegen-schmerzende-fuesse-beim-wandern\/\">Unser Gewinnspiel gegen schmerzende F\u00fc\u00dfe beim Wandern!\ud83e\udd7e\ud83c\udf3f<\/a><\/h2>\n\t\t\t\t\t\t\t<div class=\"ha-pg-excerpt\">\n\t\t\t\t<p>Wandern ist toll, aber schmerzende F\u00fc\u00dfe k\u00f6nnen die Freude daran schnell tr\u00fcben. Keine Sorge, wir haben n\u00fctzliche&hellip;<\/p>\t\t\t<\/div>\n\t\t\t\t\t<\/div>\n\t\t\t\t\t\t<div class=\"ha-pg-meta-wrap\">\n\t\t\t\t<ul>\n\t\t\t\t\t\t\t\t\t\t\t\t\t\t\t\t<li class=\"ha-pg-date\">\n\t\t\t\t\t\t\t\t\t<a class=\"ha-pg-date-text\" href=\"https:\/\/www.renatour.de\/blog\/2023\/10\/12\/\">\n\t\t\t\t\t\t12. Oktober 2023\t\t<\/a>\n\t\t\t\t\t\t\t\t<\/li>\n\t\t\t\t\t\t\t\t\t\t\t\t\t\t<\/ul>\n\t\t\t<\/div>\n\t\t        <\/div>\n\t\n\t\t\t\t\t\n\t\t\t\t\t\t\t\t<div class=\"ha-pg-item\">\n\t\t\t\t\t\t\t<div class=\"ha-pg-thumb-area\">\n\t\t\t\t\t<a href=\"https:\/\/www.renatour.de\/blog\/herbst-gewinnspiel-renatour-trifft-oekom-verlag-fuer-eine-gruene-und-inspirierende-saison\/\" class=\"ha-pg-thumb\">\n\t\t\t\t\t\t<img loading=\"lazy\" decoding=\"async\" width=\"800\" height=\"671\" src=\"https:\/\/www.renatour.de\/blog\/wp-content\/uploads\/2023\/08\/blogtitel-gewinnspielfuerdich.png\" class=\"attachment-large size-large wp-post-image\" alt=\"Blogtitel Gewinnspiel\" srcset=\"https:\/\/www.renatour.de\/blog\/wp-content\/uploads\/2023\/08\/blogtitel-gewinnspielfuerdich.png 940w, https:\/\/www.renatour.de\/blog\/wp-content\/uploads\/2023\/08\/blogtitel-gewinnspielfuerdich-300x251.png 300w, https:\/\/www.renatour.de\/blog\/wp-content\/uploads\/2023\/08\/blogtitel-gewinnspielfuerdich-768x644.png 768w\" sizes=\"(max-width: 800px) 100vw, 800px\" \/>\t\t\t\t\t\t<svg xmlns=\"http:\/\/www.w3.org\/2000\/svg\" viewBox=\"0 0 400 86.4\" preserveAspectRatio=\"none\"><path class=\"st0\" opacity=\"0.2\" d=\"M0,69.3c0,0,76.2-89.2,215-32.8s185,32.8,185,32.8v17H0V69.3z\"\/><path class=\"st0\" opacity=\"0.2\" d=\"M0,69.3v17h400v-17c0,0-7.7-93.8-145.8-59.1S89.7,119,0,69.3z\"\/><path class=\"st1\" d=\"M0,69.3c0,0,50.3-63.1,197.3-14.2S400,69.3,400,69.3v17H0V69.3z\"\/><\/svg>                    <\/a>\n                <\/div>\n\t\t\t\t\t\t<div class=\"ha-pg-content-area\">\n\t\t\t\t\n\t\t\t\t<h2 class=\"ha-pg-title\"><a href=\"https:\/\/www.renatour.de\/blog\/herbst-gewinnspiel-renatour-trifft-oekom-verlag-fuer-eine-gruene-und-inspirierende-saison\/\">\ud83c\udf42\ud83d\udcda Herbst-Gewinnspiel: ReNatour trifft oekom verlag \u2013 F\u00fcr eine gr\u00fcne und inspirierende Saison!<\/a><\/h2>\n\t\t\t\t\t\t\t<div class=\"ha-pg-excerpt\">\n\t\t\t\t<p>Hallo liebe Umweltfreund*innen, Reisefans und B\u00fccherw\u00fcrmer, Herbst ist die perfekte Jahreszeit, um ein gutes Buch in die&hellip;<\/p>\t\t\t<\/div>\n\t\t\t\t\t<\/div>\n\t\t\t\t\t\t<div class=\"ha-pg-meta-wrap\">\n\t\t\t\t<ul>\n\t\t\t\t\t\t\t\t\t\t\t\t\t\t\t\t<li class=\"ha-pg-date\">\n\t\t\t\t\t\t\t\t\t<a class=\"ha-pg-date-text\" href=\"https:\/\/www.renatour.de\/blog\/2023\/09\/17\/\">\n\t\t\t\t\t\t17. September 2023\t\t<\/a>\n\t\t\t\t\t\t\t\t<\/li>\n\t\t\t\t\t\t\t\t\t\t\t\t\t\t<\/ul>\n\t\t\t<\/div>\n\t\t        <\/div>\n\t\n\t\t\t\t\t\n\t\t\t\t\t\t\t\t<div class=\"ha-pg-item\">\n\t\t\t\t\t\t\t<div class=\"ha-pg-thumb-area\">\n\t\t\t\t\t<a href=\"https:\/\/www.renatour.de\/blog\/nachhaltiger-tourismus-auf-korfu\/\" class=\"ha-pg-thumb\">\n\t\t\t\t\t\t<img loading=\"lazy\" decoding=\"async\" width=\"800\" height=\"349\" src=\"https:\/\/www.renatour.de\/blog\/wp-content\/uploads\/2023\/07\/blogtitelbild-wann-beste-reisezeit-auf-korfu-1024x447.jpg\" class=\"attachment-large size-large wp-post-image\" alt=\"\" srcset=\"https:\/\/www.renatour.de\/blog\/wp-content\/uploads\/2023\/07\/blogtitelbild-wann-beste-reisezeit-auf-korfu-1024x447.jpg 1024w, https:\/\/www.renatour.de\/blog\/wp-content\/uploads\/2023\/07\/blogtitelbild-wann-beste-reisezeit-auf-korfu-300x131.jpg 300w, https:\/\/www.renatour.de\/blog\/wp-content\/uploads\/2023\/07\/blogtitelbild-wann-beste-reisezeit-auf-korfu-768x335.jpg 768w, https:\/\/www.renatour.de\/blog\/wp-content\/uploads\/2023\/07\/blogtitelbild-wann-beste-reisezeit-auf-korfu.jpg 1288w\" sizes=\"(max-width: 800px) 100vw, 800px\" \/>\t\t\t\t\t\t<svg xmlns=\"http:\/\/www.w3.org\/2000\/svg\" viewBox=\"0 0 400 86.4\" preserveAspectRatio=\"none\"><path class=\"st0\" opacity=\"0.2\" d=\"M0,69.3c0,0,76.2-89.2,215-32.8s185,32.8,185,32.8v17H0V69.3z\"\/><path class=\"st0\" opacity=\"0.2\" d=\"M0,69.3v17h400v-17c0,0-7.7-93.8-145.8-59.1S89.7,119,0,69.3z\"\/><path class=\"st1\" d=\"M0,69.3c0,0,50.3-63.1,197.3-14.2S400,69.3,400,69.3v17H0V69.3z\"\/><\/svg>                    <\/a>\n                <\/div>\n\t\t\t\t\t\t<div class=\"ha-pg-content-area\">\n\t\t\t\t\n\t\t\t\t<h2 class=\"ha-pg-title\"><a href=\"https:\/\/www.renatour.de\/blog\/nachhaltiger-tourismus-auf-korfu\/\">Nachhaltiger Tourismus auf Korfu\ud83c\udf3f<\/a><\/h2>\n\t\t\t\t\t\t\t<div class=\"ha-pg-excerpt\">\n\t\t\t\t<p>Verantwortungsvolle Freizeitaktivit\u00e4ten und umweltbewusste Urlaubsgestaltung auf der &#8222;gr\u00fcnen Insel&#8220;. Die Bedeutung von nachhaltigem Tourismus hat gl\u00fccklicherweise global&hellip;<\/p>\t\t\t<\/div>\n\t\t\t\t\t<\/div>\n\t\t\t\t\t\t<div class=\"ha-pg-meta-wrap\">\n\t\t\t\t<ul>\n\t\t\t\t\t\t\t\t\t\t\t\t\t\t\t\t<li class=\"ha-pg-date\">\n\t\t\t\t\t\t\t\t\t<a class=\"ha-pg-date-text\" href=\"https:\/\/www.renatour.de\/blog\/2023\/07\/25\/\">\n\t\t\t\t\t\t25. Juli 2023\t\t<\/a>\n\t\t\t\t\t\t\t\t<\/li>\n\t\t\t\t\t\t\t\t\t\t\t\t\t\t<\/ul>\n\t\t\t<\/div>\n\t\t        <\/div>\n\t\n\t\t\t\t\t\n\t\t\t\t\t\t\t\t<div class=\"ha-pg-item\">\n\t\t\t\t\t\t\t<div class=\"ha-pg-thumb-area\">\n\t\t\t\t\t<a href=\"https:\/\/www.renatour.de\/blog\/eine-unerwartete-freude-eseltrekking-mit-kindern\/\" class=\"ha-pg-thumb\">\n\t\t\t\t\t\t<img loading=\"lazy\" decoding=\"async\" width=\"800\" height=\"533\" src=\"https:\/\/www.renatour.de\/blog\/wp-content\/uploads\/2023\/06\/calin-ane-alpes-1024x682.jpg\" class=\"attachment-large size-large wp-post-image\" alt=\"\" srcset=\"https:\/\/www.renatour.de\/blog\/wp-content\/uploads\/2023\/06\/calin-ane-alpes-1024x682.jpg 1024w, https:\/\/www.renatour.de\/blog\/wp-content\/uploads\/2023\/06\/calin-ane-alpes-300x200.jpg 300w, https:\/\/www.renatour.de\/blog\/wp-content\/uploads\/2023\/06\/calin-ane-alpes-768x511.jpg 768w, https:\/\/www.renatour.de\/blog\/wp-content\/uploads\/2023\/06\/calin-ane-alpes-1536x1023.jpg 1536w, https:\/\/www.renatour.de\/blog\/wp-content\/uploads\/2023\/06\/calin-ane-alpes.jpg 1622w\" sizes=\"(max-width: 800px) 100vw, 800px\" \/>\t\t\t\t\t\t<svg xmlns=\"http:\/\/www.w3.org\/2000\/svg\" viewBox=\"0 0 400 86.4\" preserveAspectRatio=\"none\"><path class=\"st0\" opacity=\"0.2\" d=\"M0,69.3c0,0,76.2-89.2,215-32.8s185,32.8,185,32.8v17H0V69.3z\"\/><path class=\"st0\" opacity=\"0.2\" d=\"M0,69.3v17h400v-17c0,0-7.7-93.8-145.8-59.1S89.7,119,0,69.3z\"\/><path class=\"st1\" d=\"M0,69.3c0,0,50.3-63.1,197.3-14.2S400,69.3,400,69.3v17H0V69.3z\"\/><\/svg>                    <\/a>\n                <\/div>\n\t\t\t\t\t\t<div class=\"ha-pg-content-area\">\n\t\t\t\t\n\t\t\t\t<h2 class=\"ha-pg-title\"><a href=\"https:\/\/www.renatour.de\/blog\/eine-unerwartete-freude-eseltrekking-mit-kindern\/\">Eine unerwartete Freude \u2013 Eseltrekking mit Kindern<\/a><\/h2>\n\t\t\t\t\t\t\t<div class=\"ha-pg-excerpt\">\n\t\t\t\t<p>Es gibt sicherlich 101 Arten, den Sommerurlaub zu verbringen, und ich muss zugeben, dass ich bis vor&hellip;<\/p>\t\t\t<\/div>\n\t\t\t\t\t<\/div>\n\t\t\t\t\t\t<div class=\"ha-pg-meta-wrap\">\n\t\t\t\t<ul>\n\t\t\t\t\t\t\t\t\t\t\t\t\t\t\t\t<li class=\"ha-pg-date\">\n\t\t\t\t\t\t\t\t\t<a class=\"ha-pg-date-text\" href=\"https:\/\/www.renatour.de\/blog\/2023\/06\/15\/\">\n\t\t\t\t\t\t15. Juni 2023\t\t<\/a>\n\t\t\t\t\t\t\t\t<\/li>\n\t\t\t\t\t\t\t\t\t\t\t\t\t\t<\/ul>\n\t\t\t<\/div>\n\t\t        <\/div>\n\t\n\t\t\t\t\t\n\t\t\t\t\t\t\t\t<div class=\"ha-pg-item\">\n\t\t\t\t\t\t\t<div class=\"ha-pg-thumb-area\">\n\t\t\t\t\t<a href=\"https:\/\/www.renatour.de\/blog\/balance-finden-die-schoensten-yogaurlaube-in-oesterreich\/\" class=\"ha-pg-thumb\">\n\t\t\t\t\t\t<img loading=\"lazy\" decoding=\"async\" width=\"800\" height=\"818\" src=\"https:\/\/www.renatour.de\/blog\/wp-content\/uploads\/2023\/05\/230522frau-uebt-yoga-im-freien-yoga-blog-titelbild.jpg\" class=\"attachment-large size-large wp-post-image\" alt=\"Frau \u00fcbt Yoga\" srcset=\"https:\/\/www.renatour.de\/blog\/wp-content\/uploads\/2023\/05\/230522frau-uebt-yoga-im-freien-yoga-blog-titelbild.jpg 908w, https:\/\/www.renatour.de\/blog\/wp-content\/uploads\/2023\/05\/230522frau-uebt-yoga-im-freien-yoga-blog-titelbild-294x300.jpg 294w, https:\/\/www.renatour.de\/blog\/wp-content\/uploads\/2023\/05\/230522frau-uebt-yoga-im-freien-yoga-blog-titelbild-768x785.jpg 768w\" sizes=\"(max-width: 800px) 100vw, 800px\" \/>\t\t\t\t\t\t<svg xmlns=\"http:\/\/www.w3.org\/2000\/svg\" viewBox=\"0 0 400 86.4\" preserveAspectRatio=\"none\"><path class=\"st0\" opacity=\"0.2\" d=\"M0,69.3c0,0,76.2-89.2,215-32.8s185,32.8,185,32.8v17H0V69.3z\"\/><path class=\"st0\" opacity=\"0.2\" d=\"M0,69.3v17h400v-17c0,0-7.7-93.8-145.8-59.1S89.7,119,0,69.3z\"\/><path class=\"st1\" d=\"M0,69.3c0,0,50.3-63.1,197.3-14.2S400,69.3,400,69.3v17H0V69.3z\"\/><\/svg>                    <\/a>\n                <\/div>\n\t\t\t\t\t\t<div class=\"ha-pg-content-area\">\n\t\t\t\t\n\t\t\t\t<h2 class=\"ha-pg-title\"><a href=\"https:\/\/www.renatour.de\/blog\/balance-finden-die-schoensten-yogaurlaube-in-oesterreich\/\">Balance finden: Die sch\u00f6nsten Yoga-Urlaube in \u00d6sterreich<\/a><\/h2>\n\t\t\t\t\t\t\t<div class=\"ha-pg-excerpt\">\n\t\t\t\t<p>In unserer rasanten Welt, wo die einzige Konstante die Ver\u00e4nderung ist (und die Tatsache, dass es immer&hellip;<\/p>\t\t\t<\/div>\n\t\t\t\t\t<\/div>\n\t\t\t\t\t\t<div class=\"ha-pg-meta-wrap\">\n\t\t\t\t<ul>\n\t\t\t\t\t\t\t\t\t\t\t\t\t\t\t\t<li class=\"ha-pg-date\">\n\t\t\t\t\t\t\t\t\t<a class=\"ha-pg-date-text\" href=\"https:\/\/www.renatour.de\/blog\/2023\/05\/26\/\">\n\t\t\t\t\t\t26. Mai 2023\t\t<\/a>\n\t\t\t\t\t\t\t\t<\/li>\n\t\t\t\t\t\t\t\t\t\t\t\t\t\t<\/ul>\n\t\t\t<\/div>\n\t\t        <\/div>\n\t\n\t\t\t\t\t\n\t\t\t\t\t\t\t\t<div class=\"ha-pg-item\">\n\t\t\t\t\t\t\t<div class=\"ha-pg-thumb-area\">\n\t\t\t\t\t<a href=\"https:\/\/www.renatour.de\/blog\/unser-mai-gewinnspiel%f0%9f%8d%80\/\" class=\"ha-pg-thumb\">\n\t\t\t\t\t\t<img loading=\"lazy\" decoding=\"async\" width=\"800\" height=\"800\" src=\"https:\/\/www.renatour.de\/blog\/wp-content\/uploads\/2023\/05\/2023-mai-gewinnspiel-1024x1024.png\" class=\"attachment-large size-large wp-post-image\" alt=\"Unser Gewinnspiel im Mai\" srcset=\"https:\/\/www.renatour.de\/blog\/wp-content\/uploads\/2023\/05\/2023-mai-gewinnspiel-1024x1024.png 1024w, https:\/\/www.renatour.de\/blog\/wp-content\/uploads\/2023\/05\/2023-mai-gewinnspiel-300x300.png 300w, https:\/\/www.renatour.de\/blog\/wp-content\/uploads\/2023\/05\/2023-mai-gewinnspiel-150x150.png 150w, https:\/\/www.renatour.de\/blog\/wp-content\/uploads\/2023\/05\/2023-mai-gewinnspiel-768x768.png 768w, https:\/\/www.renatour.de\/blog\/wp-content\/uploads\/2023\/05\/2023-mai-gewinnspiel.png 1080w\" sizes=\"(max-width: 800px) 100vw, 800px\" \/>\t\t\t\t\t\t<svg xmlns=\"http:\/\/www.w3.org\/2000\/svg\" viewBox=\"0 0 400 86.4\" preserveAspectRatio=\"none\"><path class=\"st0\" opacity=\"0.2\" d=\"M0,69.3c0,0,76.2-89.2,215-32.8s185,32.8,185,32.8v17H0V69.3z\"\/><path class=\"st0\" opacity=\"0.2\" d=\"M0,69.3v17h400v-17c0,0-7.7-93.8-145.8-59.1S89.7,119,0,69.3z\"\/><path class=\"st1\" d=\"M0,69.3c0,0,50.3-63.1,197.3-14.2S400,69.3,400,69.3v17H0V69.3z\"\/><\/svg>                    <\/a>\n                <\/div>\n\t\t\t\t\t\t<div class=\"ha-pg-content-area\">\n\t\t\t\t\n\t\t\t\t<h2 class=\"ha-pg-title\"><a href=\"https:\/\/www.renatour.de\/blog\/unser-mai-gewinnspiel%f0%9f%8d%80\/\">Unser Mai-Gewinnspiel!\ud83c\udf40<\/a><\/h2>\n\t\t\t\t\t\t\t<div class=\"ha-pg-excerpt\">\n\t\t\t\t<p>Herzlichen Gl\u00fcckwunsch! Du hast die Chance, eines von drei Exemplaren des Inspirations-Bildbands &#8222;Good Places for Good People&#8220;&hellip;<\/p>\t\t\t<\/div>\n\t\t\t\t\t<\/div>\n\t\t\t\t\t\t<div class=\"ha-pg-meta-wrap\">\n\t\t\t\t<ul>\n\t\t\t\t\t\t\t\t\t\t\t\t\t\t\t\t<li class=\"ha-pg-date\">\n\t\t\t\t\t\t\t\t\t<a class=\"ha-pg-date-text\" href=\"https:\/\/www.renatour.de\/blog\/2023\/05\/13\/\">\n\t\t\t\t\t\t13. Mai 2023\t\t<\/a>\n\t\t\t\t\t\t\t\t<\/li>\n\t\t\t\t\t\t\t\t\t\t\t\t\t\t<\/ul>\n\t\t\t<\/div>\n\t\t        <\/div>\n\t\n\t\t\t\t\t\n\t\t\t\t\t\t\t\t<div class=\"ha-pg-item\">\n\t\t\t\t\t\t\t<div class=\"ha-pg-thumb-area\">\n\t\t\t\t\t<a href=\"https:\/\/www.renatour.de\/blog\/kinderleicht-umweltbewusst-entdecke-die-schoensten-nationalparks-in-deutschland\/\" class=\"ha-pg-thumb\">\n\t\t\t\t\t\t<img loading=\"lazy\" decoding=\"async\" width=\"800\" height=\"827\" src=\"https:\/\/www.renatour.de\/blog\/wp-content\/uploads\/2023\/04\/die-schoensten-nationalparks.jpg\" class=\"attachment-large size-large wp-post-image\" alt=\"\" srcset=\"https:\/\/www.renatour.de\/blog\/wp-content\/uploads\/2023\/04\/die-schoensten-nationalparks.jpg 903w, https:\/\/www.renatour.de\/blog\/wp-content\/uploads\/2023\/04\/die-schoensten-nationalparks-290x300.jpg 290w, https:\/\/www.renatour.de\/blog\/wp-content\/uploads\/2023\/04\/die-schoensten-nationalparks-768x794.jpg 768w\" sizes=\"(max-width: 800px) 100vw, 800px\" \/>\t\t\t\t\t\t<svg xmlns=\"http:\/\/www.w3.org\/2000\/svg\" viewBox=\"0 0 400 86.4\" preserveAspectRatio=\"none\"><path class=\"st0\" opacity=\"0.2\" d=\"M0,69.3c0,0,76.2-89.2,215-32.8s185,32.8,185,32.8v17H0V69.3z\"\/><path class=\"st0\" opacity=\"0.2\" d=\"M0,69.3v17h400v-17c0,0-7.7-93.8-145.8-59.1S89.7,119,0,69.3z\"\/><path class=\"st1\" d=\"M0,69.3c0,0,50.3-63.1,197.3-14.2S400,69.3,400,69.3v17H0V69.3z\"\/><\/svg>                    <\/a>\n                <\/div>\n\t\t\t\t\t\t<div class=\"ha-pg-content-area\">\n\t\t\t\t\n\t\t\t\t<h2 class=\"ha-pg-title\"><a href=\"https:\/\/www.renatour.de\/blog\/kinderleicht-umweltbewusst-entdecke-die-schoensten-nationalparks-in-deutschland\/\">Kinderleicht umweltbewusst: Entdecke die sch\u00f6nsten Nationalparks in Deutschland<\/a><\/h2>\n\t\t\t\t\t\t\t<div class=\"ha-pg-excerpt\">\n\t\t\t\t<p>Deutschland ist ein Land mit wundersch\u00f6nen Landschaften und vielf\u00e4ltiger Natur. Doch wo, wann und wie lernt man&hellip;<\/p>\t\t\t<\/div>\n\t\t\t\t\t<\/div>\n\t\t\t\t\t\t<div class=\"ha-pg-meta-wrap\">\n\t\t\t\t<ul>\n\t\t\t\t\t\t\t\t\t\t\t\t\t\t\t\t<li class=\"ha-pg-date\">\n\t\t\t\t\t\t\t\t\t<a class=\"ha-pg-date-text\" href=\"https:\/\/www.renatour.de\/blog\/2023\/05\/09\/\">\n\t\t\t\t\t\t9. Mai 2023\t\t<\/a>\n\t\t\t\t\t\t\t\t<\/li>\n\t\t\t\t\t\t\t\t\t\t\t\t\t\t<\/ul>\n\t\t\t<\/div>\n\t\t        <\/div>\n\t\n\t\t\t\t\t\t\t\t\t\t\t\t\t\t\t<\/div>\n\t\t\t\t\t\t\t<div class=\"ha-pg-loadmore-wrap\">\n\t\t\t<button class=\"ha-pg-loadmore\" data-settings=\"{&quot;args&quot;:{&quot;post_status&quot;:&quot;publish&quot;,&quot;suppress_filters&quot;:false,&quot;post_type&quot;:&quot;post&quot;,&quot;ignore_sticky_posts&quot;:true,&quot;tax_query&quot;:{&quot;0&quot;:{&quot;taxonomy&quot;:&quot;category&quot;,&quot;field&quot;:&quot;term_id&quot;,&quot;terms&quot;:[4],&quot;operator&quot;:&quot;IN&quot;},&quot;relation&quot;:&quot;AND&quot;},&quot;order&quot;:&quot;desc&quot;,&quot;orderby&quot;:&quot;date&quot;,&quot;posts_per_page&quot;:9},&quot;skin&quot;:&quot;stylica&quot;,&quot;posts_post_type&quot;:&quot;post&quot;,&quot;featured_image&quot;:&quot;yes&quot;,&quot;featured_image_size&quot;:&quot;large&quot;,&quot;show_badge&quot;:&quot;&quot;,&quot;show_title&quot;:&quot;yes&quot;,&quot;title_tag&quot;:&quot;h2&quot;,&quot;active_meta&quot;:[&quot;date&quot;],&quot;excerpt_length&quot;:17,&quot;meta_has_icon&quot;:&quot;&quot;,&quot;devider_shape&quot;:&quot;mountains&quot;}\">\n\t\t\t\tWeitere Beitr\u00e4ge\t\t\t\t<i class=\"eicon-loading eicon-animation-spin\"><\/i>\n\t\t\t<\/button>\n\t\t<\/div>\n\t\t\t\t\t\t<\/div>\n\t\t\t\t\t\t\t\t\t<\/div>\n\t\t\t\t<\/div>\n\t\t\t\t\t<\/div>\n\t\t<\/div>\n\t\t\t\t\t<\/div>\n\t\t<\/section>\n\t\t\t\t<\/div>\n\t\t","protected":false},"excerpt":{"rendered":"<p>Tipps und Tricks Wo finde ich nachhaltige Reisen? Was muss ich beachten und was nehme ich (nicht) mit? Diskutiere mit uns! \ud83c\udf42\ud83d\udcda Herbst-Gewinnspiel: ReNatour trifft oekom verlag \u2013 F\u00fcr eine gr\u00fcne und inspirierende Saison! Hallo liebe Umweltfreund*innen, Reisefans und B\u00fccherw\u00fcrmer, Herbst ist die perfekte Jahreszeit, um ein gutes Buch in die&hellip; 17. September 2023 Nachhaltiger [&hellip;]<\/p>\n","protected":false},"author":1,"featured_media":0,"parent":0,"menu_order":0,"comment_status":"closed","ping_status":"closed","template":"elementor_header_footer","meta":{"_seopress_robots_primary_cat":"","_seopress_titles_title":"Tipps &amp; Tricks - Nachhaltig reisen mit ReNatour","_seopress_titles_desc":"Wo finde ich nachhaltige Reisen? Was muss ich beachten und was nehme ich (nicht) mit? Diskutiere mit uns!","_seopress_robots_index":"","inline_featured_image":false,"footnotes":""},"class_list":["post-4467","page","type-page","status-publish","hentry"],"_links":{"self":[{"href":"https:\/\/www.renatour.de\/blog\/wp-json\/wp\/v2\/pages\/4467","targetHints":{"allow":["GET"]}}],"collection":[{"href":"https:\/\/www.renatour.de\/blog\/wp-json\/wp\/v2\/pages"}],"about":[{"href":"https:\/\/www.renatour.de\/blog\/wp-json\/wp\/v2\/types\/page"}],"author":[{"embeddable":true,"href":"https:\/\/www.renatour.de\/blog\/wp-json\/wp\/v2\/users\/1"}],"replies":[{"embeddable":true,"href":"https:\/\/www.renatour.de\/blog\/wp-json\/wp\/v2\/comments?post=4467"}],"version-history":[{"count":31,"href":"https:\/\/www.renatour.de\/blog\/wp-json\/wp\/v2\/pages\/4467\/revisions"}],"predecessor-version":[{"id":7528,"href":"https:\/\/www.renatour.de\/blog\/wp-json\/wp\/v2\/pages\/4467\/revisions\/7528"}],"wp:attachment":[{"href":"https:\/\/www.renatour.de\/blog\/wp-json\/wp\/v2\/media?parent=4467"}],"curies":[{"name":"wp","href":"https:\/\/api.w.org\/{rel}","templated":true}]}}